{"id":2,"date":"2018-12-19T18:49:27","date_gmt":"2018-12-19T20:49:27","guid":{"rendered":"http:\/\/dev.publishouse.tecnologia.ws\/wp\/itsseg\/especiais\/verao\/?page_id=2"},"modified":"2019-12-02T15:50:48","modified_gmt":"2019-12-02T17:50:48","slug":"pagina-exemplo","status":"publish","type":"page","link":"https:\/\/portalturbinar.com.br\/especial\/verao\/","title":{"rendered":"Ver\u00e3o"},"content":{"rendered":"<p>[et_pb_section bb_built=&#8221;1&#8243; module_id=&#8221;pinel&#8221; _builder_version=&#8221;3.18.9&#8243; background_color=&#8221;rgba(0,0,0,0.2)&#8221; background_image=&#8221;https:\/\/portalturbinar.com.br\/especial\/verao\/wp-content\/uploads\/verao-abertura.jpg&#8221; background_position=&#8221;bottom_center&#8221; background_blend=&#8221;multiply&#8221; custom_margin=&#8221;||-1px|&#8221; custom_padding=&#8221;0px||0px|&#8221; next_background_color=&#8221;#ffffff&#8221;][et_pb_row use_custom_width=&#8221;on&#8221; custom_width_px=&#8221;810px&#8221; custom_padding=&#8221;42.5vh||22vh|&#8221; disabled_on=&#8221;on||&#8221; _builder_version=&#8221;3.15&#8243;][et_pb_column type=&#8221;4_4&#8243;][et_pb_text admin_label=&#8221;lugar ao sol&#8221; _builder_version=&#8221;3.18.9&#8243; text_font_size=&#8221;120px&#8221; text_font_size_tablet=&#8221;70px&#8221; text_font_size_phone=&#8221;30px&#8221; text_font_size_last_edited=&#8221;on|desktop&#8221; text_line_height=&#8221;1.2em&#8221; background_layout=&#8221;dark&#8221; max_width=&#8221;99%&#8221; module_alignment=&#8221;left&#8221; custom_margin=&#8221;||0px|&#8221; custom_padding=&#8221;||24vh|&#8221; custom_css_main_element=&#8221;font-size: 130px;&#8221;]<\/p>\n<p>LUGAR AO <span style=\"background-color: #96c83c;color: black\">&nbsp;SOL&nbsp;<\/span><\/p>\n<p>[\/et_pb_text][et_pb_text admin_label=&#8221;texto&#8221; _builder_version=&#8221;3.18.9&#8243; text_font=&#8221;||||on||||&#8221; text_font_size=&#8221;37px&#8221; text_font_size_tablet=&#8221;27px&#8221; text_font_size_phone=&#8221;20px&#8221; text_font_size_last_edited=&#8221;on|tablet&#8221; text_line_height=&#8221;1.2em&#8221; text_orientation=&#8221;right&#8221; background_layout=&#8221;dark&#8221; max_width=&#8221;670px&#8221; module_alignment=&#8221;right&#8221;]<\/p>\n<p>Com a crian\u00e7ada de f\u00e9rias e o ver\u00e3o batendo \u00e0 porta, as praias come\u00e7am a lotar. Como um bom personagem de fic\u00e7\u00e3o, o Sol tem um lado mocinho &#8211; estimulando a produ\u00e7\u00e3o de vitamina D e combatendo a depress\u00e3o &#8211; e outro bandido &#8211; bombardeando o planeta com radia\u00e7\u00e3o ultra-violeta. Com informa\u00e7\u00e3o e precau\u00e7\u00e3o, voc\u00ea&nbsp;aproveita o melhor da nossa estrela e&nbsp;ainda evita outros perigos da esta\u00e7\u00e3o<\/p>\n<p>[\/et_pb_text][\/et_pb_column][\/et_pb_row][et_pb_row use_custom_width=&#8221;on&#8221; custom_width_px=&#8221;810px&#8221; custom_padding=&#8221;28vh||10vh|&#8221; disabled_on=&#8221;|on|on&#8221; _builder_version=&#8221;3.15&#8243; module_alignment=&#8221;center&#8221;][et_pb_column type=&#8221;4_4&#8243;][et_pb_text admin_label=&#8221;lugar ao sol mobile&#8221; _builder_version=&#8221;3.18.9&#8243; text_font_size=&#8221;50px&#8221; text_font_size_last_edited=&#8221;on|desktop&#8221; text_line_height=&#8221;1.2em&#8221; background_layout=&#8221;dark&#8221; custom_margin=&#8221;||0px|&#8221; custom_padding=&#8221;||10vh|&#8221; custom_css_main_element=&#8221;line-height: 1.4em; !important;&#8221;]<\/p>\n<p>LUGAR AO\u00a0<span style=\"background-color: #96c83c; color: black;\">\u00a0SOL\u00a0<\/span><\/p>\n<p>[\/et_pb_text][et_pb_text admin_label=&#8221;texto&#8221; disabled_on=&#8221;||on&#8221; _builder_version=&#8221;3.18.9&#8243; text_font=&#8221;||||on||||&#8221; text_font_size=&#8221;37px&#8221; text_font_size_tablet=&#8221;28px&#8221; text_font_size_phone=&#8221;20px&#8221; text_font_size_last_edited=&#8221;on|phone&#8221; text_line_height=&#8221;1.2em&#8221; header_text_align=&#8221;right&#8221; text_orientation=&#8221;right&#8221; background_layout=&#8221;dark&#8221; custom_css_main_element=&#8221;text-align: right; !important;&#8221;]<\/p>\n<p>Com a crian\u00e7ada de f\u00e9rias e o ver\u00e3o batendo \u00e0 porta, as praias come\u00e7am a lotar. Como um bom personagem de fic\u00e7\u00e3o, o Sol tem um lado mocinho &#8211; estimulando a produ\u00e7\u00e3o de vitamina D e combatendo a depress\u00e3o &#8211; e outro bandido &#8211; bombardeando o planeta com radia\u00e7\u00e3o ultra-violeta. Com informa\u00e7\u00e3o e precau\u00e7\u00e3o, voc\u00ea aproveita o melhor da nossa estrela e ainda evita outros perigos da esta\u00e7\u00e3o<\/p>\n<p>[\/et_pb_text][\/et_pb_column][\/et_pb_row][\/et_pb_section][et_pb_section bb_built=&#8221;1&#8243; disabled_on=&#8221;on|on|&#8221; module_id=&#8221;perturbados&#8221; _builder_version=&#8221;3.18.9&#8243; background_image=&#8221;https:\/\/portalturbinar.com.br\/especial\/verao\/wp-content\/uploads\/verao-numero.jpg&#8221; custom_padding=&#8221;0px||0px|&#8221; custom_css_main_element=&#8221;min-height: 120vh; display: flex; display: -webkit-flex; align-items: center; -webkit-align-items: center;&#8221; prev_background_color=&#8221;rgba(0,0,0,0.2)&#8221; next_background_color=&#8221;#ffffff&#8221;][et_pb_row use_custom_width=&#8221;on&#8221; custom_width_px=&#8221;810px&#8221; custom_padding=&#8221;170px||170px|&#8221; disabled_on=&#8221;off|off|&#8221; _builder_version=&#8221;3.17.6&#8243;][et_pb_column type=&#8221;4_4&#8243;][et_pb_text admin_label=&#8221;35 por cento&#8221; _builder_version=&#8221;3.18.9&#8243; text_text_color=&#8221;#ffffff&#8221; text_font_size=&#8221;30px&#8221; text_font_size_tablet=&#8221;40px&#8221; text_font_size_phone=&#8221;32px&#8221; text_font_size_last_edited=&#8221;on|desktop&#8221; text_line_height=&#8221;1.1em&#8221; border_width_all=&#8221;2px&#8221; border_color_all=&#8221;#ffffff&#8221; background_layout=&#8221;dark&#8221; custom_margin=&#8221;||10px|&#8221; custom_padding=&#8221;75px|40px|30px|40px&#8221;]<\/p>\n<p><span style=\"font-size: 125px\">35 POR CENTO<\/span><\/p>\n<p style=\"max-width: 590px;padding-bottom: 15px\">de todos os tumores malignos diagnosticados no&nbsp;Brasil s\u00e3o c\u00e2ncer de pele.<\/p>\n<p><span style=\"font-size: 15px\">FONTE \/ INSTITUTO NACIONAL DE C\u00c2NCER JOS\u00c9 ALENCAR GOMES DA SILVA (INCA) \/<\/span> <a style=\"color: white;font-size: 20px\" href=\"https:\/\/www.inca.gov.br\/tipos-de-cancer\/cancer-de-pele-nao-melanoma\" target=\"_blank\" rel=\"noopener\">LEIA A MAT\u00c9RIA COMPLETA<\/a><\/p>\n<p>[\/et_pb_text][\/et_pb_column][\/et_pb_row][\/et_pb_section][et_pb_section bb_built=&#8221;1&#8243; disabled_on=&#8221;||on&#8221; module_id=&#8221;perturbados&#8221; _builder_version=&#8221;3.18.9&#8243; background_image=&#8221;https:\/\/portalturbinar.com.br\/especial\/verao\/wp-content\/uploads\/verao-numero.jpg&#8221; custom_padding=&#8221;0px||0px|&#8221; custom_css_main_element=&#8221;min-height: 120vh; display: flex; display: -webkit-flex; align-items: center; -webkit-align-items: center; background-position-x: 68% !important;&#8221; prev_background_color=&#8221;#ffffff&#8221; next_background_color=&#8221;#ffffff&#8221;][et_pb_row use_custom_width=&#8221;on&#8221; custom_width_px=&#8221;810px&#8221; custom_padding=&#8221;170px||170px|&#8221; disabled_on=&#8221;||off&#8221; _builder_version=&#8221;3.17.6&#8243;][et_pb_column type=&#8221;4_4&#8243;][et_pb_text admin_label=&#8221;35 por cento mobile&#8221; _builder_version=&#8221;3.18.9&#8243; text_text_color=&#8221;#ffffff&#8221; text_font_size=&#8221;25px&#8221; text_font_size_phone=&#8221;18px&#8221; text_font_size_last_edited=&#8221;on|phone&#8221; text_line_height=&#8221;1.2em&#8221; border_width_all=&#8221;2px&#8221; border_color_all=&#8221;#ffffff&#8221; background_layout=&#8221;dark&#8221; custom_margin=&#8221;||10px|&#8221; custom_padding=&#8221;30px|30px|30px|30px&#8221;]<\/p>\n<p>\n<span style=\"font-size: 50px;line-height: 1.1em\">35 POR CENTO<\/span><\/p>\n<p>de todos os tumores malignos diagnosticados no Brasil s\u00e3o c\u00e2ncer de pele.<\/p>\n<p><span style=\"font-size: 15px\">FONTE \/ INSTITUTO NACIONAL DE C\u00c2NCER JOS\u00c9 ALENCAR GOMES DA SILVA (INCA) \/<\/span> <a style=\"color: white\" href=\"https:\/\/www.inca.gov.br\/tipos-de-cancer\/cancer-de-pele-nao-melanoma\" target=\"_blank\" rel=\"noopener\">LEIA MAT\u00c9RIA COMPLETA<\/a><\/p>\n<p>[\/et_pb_text][\/et_pb_column][\/et_pb_row][\/et_pb_section][et_pb_section bb_built=&#8221;1&#8243; module_id=&#8221;saudemental&#8221; _builder_version=&#8221;3.15&#8243; custom_padding=&#8221;0px||0px|&#8221; prev_background_color=&#8221;#000000&#8243; next_background_color=&#8221;#000000&#8243;][et_pb_row make_fullwidth=&#8221;on&#8221; custom_padding=&#8221;0px||60px|&#8221; disabled_on=&#8221;on|on|off&#8221; _builder_version=&#8221;3.18.9&#8243;][et_pb_column type=&#8221;4_4&#8243;][et_pb_image admin_label=&#8221;imagem&#8221; src=&#8221;https:\/\/portalturbinar.com.br\/especial\/verao\/wp-content\/uploads\/verao-uv.jpg&#8221; show_bottom_space=&#8221;off&#8221; align=&#8221;center&#8221; force_fullwidth=&#8221;on&#8221; _builder_version=&#8221;3.18.9&#8243;]<\/p>\n<p>[\/et_pb_image][et_pb_text admin_label=&#8221;uv destaque&#8221; _builder_version=&#8221;3.18.9&#8243; text_font_size=&#8221;34px&#8221; text_font_size_phone=&#8221;24px&#8221; text_font_size_last_edited=&#8221;on|desktop&#8221; text_line_height=&#8221;1.2em&#8221; border_radii=&#8221;on|0px|0px|0px|0px&#8221; border_color_all=&#8221;#ffffff&#8221; max_width=&#8221;890px&#8221; module_alignment=&#8221;center&#8221; custom_margin=&#8221;-10vh||0px|&#8221;]<\/p>\n<div style=\"max-width: 100%; background-color: white; padding: 40px 100px 20px 40px; margin-left: auto; margin-right: auto;\">Apenas 43% de toda a luz solar \u00e9 vis\u00edvel. Enxergamos menos da metade da radia\u00e7\u00e3o que\u00a0o\u00a0Sol\u00a0produz. Outros\u00a049% s\u00e3o luz infravermelha, invis\u00edvel e inofensiva. O\u00a0restante \u00e9 luz ultravioleta (ou\u00a0UV), invis\u00edvel e perigosa, mas ben\u00e9fica em baixas quantidades. Mas nem toda radia\u00e7\u00e3o UV \u00e9 igual. Ela\u00a0\u00e9\u00a0dividida em faixas segundo a\u00a0energia (e o perigo) que carregam: UVA,\u00a0UVB\u00a0e UVC. Como a luz UVC \u00e9 bloqueada totalmente pela camada de\u00a0oz\u00f4nio, temos que nos virar para lidar com as outras duas, mas qual a diferen\u00e7a entre elas?<\/div>\n<p>[\/et_pb_text][et_pb_text admin_label=&#8221;uv texto&#8221; _builder_version=&#8221;3.18.9&#8243; border_radii=&#8221;on|0px|0px|0px|0px&#8221; border_color_all=&#8221;#ffffff&#8221; max_width=&#8221;890px&#8221; module_alignment=&#8221;center&#8221; custom_margin=&#8221;||0px|&#8221; custom_padding=&#8221;||0px|&#8221;]<\/p>\n<div style=\"max-width: 100%;background-color: white;padding: 40px 100px 20px 40px;margin-left: auto;margin-right: auto\">\n<p>UVA \/ estamos expostos a ela praticamente o dia todo e o ano todo, inclusive em dias nublados, dentro de autom\u00f3veis e embaixo de guarda-s\u00f3is, j\u00e1 que boa parte da radia\u00e7\u00e3o passa por essas barreiras. Ela atravessa as camadas superiores da pele e atinge as mais profundas, ativando a&nbsp;produ\u00e7\u00e3o de melanina &#8211; uma tentativa do corpo de bloquear a radia\u00e7\u00e3o. \u00c9 isso que faz a gente se&nbsp;bronzear. Com a exposi\u00e7\u00e3o cont\u00ednua e excessiva ao longo dos anos, a luz UVA acelera o&nbsp;envelhecimento da pele e pode causar les\u00f5es, manchas e at\u00e9 c\u00e2ncer de pele.<\/p>\n<p>UVB \/ ela tem seu pico de intensidade no ver\u00e3o, entre 10 e 16h. Atinge somente as camadas superiores da pele, mas \u00e9 muito mais potente e, em poucas horas, causa vermelhid\u00e3o e&nbsp;queimaduras, al\u00e9m de poder desencadear o aparecimento do c\u00e2ncer de pele mais rapidamente. Por outro lado, \u00e9 respons\u00e1vel por cerca de 90% da produ\u00e7\u00e3o da nossa vitamina D, essencial para a&nbsp;sa\u00fade dos ossos e dos dentes, al\u00e9m de prevenir doen\u00e7as como obesidade e diabetes. Modera\u00e7\u00e3o&nbsp;\u00e9 a palavra-chave: se voc\u00ea tem pele clara, 15 minutos de exposi\u00e7\u00e3o solar di\u00e1ria s\u00e3o&nbsp;suficientes; caso tenha a pele negra, o tempo sobe para 45 minutos a 1 hora.<\/p>\n<p style=\"padding-bottom: 15px\">&nbsp;<\/p>\n<p><span style=\"font-size: 28px\">FP o qu\u00ea?<\/span><\/p>\n<p>O fator de prote\u00e7\u00e3o solar UVB, o FPS que voc\u00ea v\u00ea nas embalagens de cremes e lo\u00e7\u00f5es, diz respeito principalmente ao tempo (e n\u00e3o intensidade) da prote\u00e7\u00e3o. Por exemplo: se sua pele demora 5&nbsp;minutos para come\u00e7ar a avermelhar sob o sol, um protetor de FPS 30 vai multiplicar esse tempo por 30. Isso quer dizer que voc\u00ea estar\u00e1 protegido por aproximadamente 2 horas e meia. Para os raios UVA, menos perigosos, o fator de prote\u00e7\u00e3o deve ser no m\u00ednimo 1\/3 do FPS. Nas embalagens, a prote\u00e7\u00e3o UVA estar\u00e1 citada explicitamente ou sob a sigla PPD (Escurecimento Persistente do&nbsp;Pigmento, em ingl\u00eas). Na d\u00favida, prefira sempre fatores mais altos.<\/p>\n<p>Aten\u00e7\u00e3o tamb\u00e9m para a forma de utiliza\u00e7\u00e3o: a pele demora perto de 30 minutos para absorver o&nbsp;protetor. Antes disso, n\u00e3o se exponha porque ele n\u00e3o vai funcionar. Na hora de espalhar, seu&nbsp;corpo deve estar seco e a aplica\u00e7\u00e3o deve ser homog\u00eanea, cobrindo tudo. Reaplique a&nbsp;cada&nbsp;duas horas, pelo menos. A Sociedade Brasileira de Dermatologia indica que voc\u00ea use:<\/p>\n<p>_ uma colher de ch\u00e1 no rosto, no pesco\u00e7o e na cabe\u00e7a<br \/>\n_ uma colher de ch\u00e1 para a parte da frente do tronco e outra para a parte posterior<br \/>\n_ uma colher de ch\u00e1 para cada bra\u00e7o<br \/>\n_ uma colher de ch\u00e1 para a parte da frente de cada perna e outra para a parte de tr\u00e1s<\/p>\n<p style=\"line-height: 1.2\"><span style=\"font-size: 15px\">FONTES<br \/>\/ DERMACLUB \/<\/span> <a href=\"https:\/\/www.dermaclub.com.br\/noticia\/saiba-o-que-sao-os-raios-uva-e-uvb-como-eles-agem-na-pele-e-dicas-para-combater-os-efeitos-nocivos-do-sol_a427\/1\" target=\"_blank\">LEIA A MAT\u00c9RIA COMPLETA<\/a><br \/><span style=\"font-size: 15px\">\/ G1 \/<\/span> <a href=\"http:\/\/g1.globo.com\/bemestar\/noticia\/2014\/01\/entenda-diferencas-entre-os-raios-uva-e-uvb-e-seus-efeitos-na-pele.html\" target=\"_blank\">LEIA A MAT\u00c9RIA COMPLETA<\/a><br \/><span style=\"font-size: 15px\">\/ PORTAL EDUCA\u00c7\u00c3O \/<\/span> <a href=\"https:\/\/www.portaleducacao.com.br\/conteudo\/artigos\/educacao\/os-riscos-da-exposicao-excessiva-ao-sol\/38146\" target=\"_blank\">LEIA A MAT\u00c9RIA COMPLETA<\/a>\n<\/p>\n<\/div>\n<p>[\/et_pb_text][\/et_pb_column][\/et_pb_row][et_pb_row make_fullwidth=&#8221;on&#8221; custom_padding=&#8221;0px||0px|&#8221; disabled_on=&#8221;||on&#8221; _builder_version=&#8221;3.2.1&#8243;][et_pb_column type=&#8221;4_4&#8243;][et_pb_image admin_label=&#8221;imagem mobile&#8221; src=&#8221;https:\/\/portalturbinar.com.br\/especial\/verao\/wp-content\/uploads\/verao-uv.jpg&#8221; show_bottom_space=&#8221;off&#8221; align=&#8221;center&#8221; force_fullwidth=&#8221;on&#8221; _builder_version=&#8221;3.18.9&#8243;]<\/p>\n<p>[\/et_pb_image][et_pb_text admin_label=&#8221;uv destaque mobile&#8221; _builder_version=&#8221;3.18.9&#8243; text_font_size=&#8221;36px&#8221; text_font_size_phone=&#8221;24px&#8221; text_font_size_last_edited=&#8221;on|phone&#8221; text_line_height=&#8221;1.2em&#8221; border_radii=&#8221;on|0px|0px|0px|0px&#8221; border_color_all=&#8221;#ffffff&#8221; max_width=&#8221;890px&#8221; module_alignment=&#8221;center&#8221; custom_margin=&#8221;-10vh||0px|&#8221;]<\/p>\n<div style=\"max-width: 90%;background-color: white;padding: 5% 5% 2.5% 5%;margin-left: auto;margin-right: auto\">Apenas 43% de toda a luz solar \u00e9 vis\u00edvel. Enxergamos menos da metade da radia\u00e7\u00e3o que\u00a0o\u00a0Sol\u00a0produz. Outros\u00a049% s\u00e3o luz infravermelha, invis\u00edvel e inofensiva. O\u00a0restante \u00e9 luz ultravioleta (ou\u00a0UV), invis\u00edvel e perigosa, mas ben\u00e9fica em baixas quantidades. Mas nem toda radia\u00e7\u00e3o UV \u00e9 igual. Ela\u00a0\u00e9\u00a0dividida em faixas segundo a\u00a0energia (e o perigo) que carregam: UVA,\u00a0UVB\u00a0e UVC. Como a luz UVC \u00e9 bloqueada totalmente pela camada de\u00a0oz\u00f4nio, temos que nos virar para lidar com as outras duas, mas qual a diferen\u00e7a entre elas?<\/div>\n<p>[\/et_pb_text][et_pb_text admin_label=&#8221;uv texto mobile&#8221; _builder_version=&#8221;3.18.9&#8243; text_font_size=&#8221;18px&#8221; text_font_size_phone=&#8221;16px&#8221; text_font_size_last_edited=&#8221;on|desktop&#8221; border_radii=&#8221;on|0px|0px|0px|0px&#8221; border_color_all=&#8221;#ffffff&#8221; max_width=&#8221;890px&#8221; module_alignment=&#8221;center&#8221; custom_margin=&#8221;||0px|&#8221;]<\/p>\n<div style=\"max-width: 90%;background-color: white;padding: 5% 5% 90px 5%;margin-left: auto;margin-right: auto\">\n<p>UVA \/ estamos expostos a ela praticamente o dia todo e o ano todo, inclusive em dias nublados, dentro de autom\u00f3veis e embaixo de guarda-s\u00f3is, j\u00e1 que boa parte da radia\u00e7\u00e3o passa por essas barreiras. Ela atravessa as camadas superiores da pele e atinge as mais profundas, ativando a produ\u00e7\u00e3o de melanina &#8211; uma tentativa do corpo de bloquear a radia\u00e7\u00e3o. \u00c9 isso que faz a gente se bronzear. Com a exposi\u00e7\u00e3o cont\u00ednua e excessiva ao longo dos anos, a luz UVA acelera o envelhecimento da pele e pode causar les\u00f5es, manchas e at\u00e9 c\u00e2ncer de pele.<\/p>\n<p>UVB \/ ela tem seu pico de intensidade no ver\u00e3o, entre 10 e 16h. Atinge somente as camadas superiores da pele, mas \u00e9 muito mais potente e, em poucas horas, causa vermelhid\u00e3o e queimaduras, al\u00e9m de poder desencadear o aparecimento do c\u00e2ncer de pele mais rapidamente. Por outro lado, \u00e9 respons\u00e1vel por cerca de 90% da produ\u00e7\u00e3o da nossa vitamina D, essencial para a sa\u00fade dos ossos e dos dentes, al\u00e9m de prevenir doen\u00e7as como obesidade e diabetes. Modera\u00e7\u00e3o \u00e9 a palavra-chave: se voc\u00ea tem pele clara, 15 minutos de exposi\u00e7\u00e3o solar di\u00e1ria s\u00e3o suficientes; caso tenha a pele negra, o tempo sobe para 45 minutos a 1 hora.<\/p>\n<p style=\"padding-bottom: 3%\">&nbsp;<\/p>\n<p><span style=\"font-size: 28px\">FP o qu\u00ea?<\/span><\/p>\n<p>O fator de prote\u00e7\u00e3o solar UVB, o FPS que voc\u00ea v\u00ea nas embalagens de cremes e lo\u00e7\u00f5es, diz respeito principalmente ao tempo (e n\u00e3o intensidade) da prote\u00e7\u00e3o. Por exemplo: se sua pele demora 5 minutos para come\u00e7ar a avermelhar sob o sol, um protetor de FPS 30 vai multiplicar esse tempo por 30. Isso quer dizer que voc\u00ea estar\u00e1 protegido por aproximadamente 2 horas e meia. Para os raios UVA, menos perigosos, o fator de prote\u00e7\u00e3o deve ser no m\u00ednimo 1\/3 do FPS. Nas embalagens, a prote\u00e7\u00e3o UVA estar\u00e1 citada explicitamente ou sob a sigla PPD (Escurecimento Persistente do Pigmento, em ingl\u00eas). Na d\u00favida, prefira sempre fatores mais altos.<\/p>\n<p>Aten\u00e7\u00e3o tamb\u00e9m para a forma de utiliza\u00e7\u00e3o: a pele demora perto de 30 minutos para absorver o protetor. Antes disso, n\u00e3o se exponha porque ele n\u00e3o vai funcionar. Na hora de espalhar, seu corpo deve estar seco e a aplica\u00e7\u00e3o deve ser homog\u00eanea, cobrindo tudo. Reaplique a cada duas horas, pelo menos. A Sociedade Brasileira de Dermatologia indica que voc\u00ea use:<\/p>\n<p>_ uma colher de ch\u00e1 no rosto, no pesco\u00e7o e na cabe\u00e7a<br \/>\n_ uma colher de ch\u00e1 para a parte da frente do tronco e outra para a parte posterior<br \/>\n_ uma colher de ch\u00e1 para cada bra\u00e7o<br \/>\n_ uma colher de ch\u00e1 para a parte da frente de cada perna e outra para a parte de tr\u00e1s<\/p>\n<p style=\"line-height: 1.2\"><span style=\"font-size: 15px\">FONTES<br \/>\/ DERMACLUB \/<\/span> <a href=\"https:\/\/www.dermaclub.com.br\/noticia\/saiba-o-que-sao-os-raios-uva-e-uvb-como-eles-agem-na-pele-e-dicas-para-combater-os-efeitos-nocivos-do-sol_a427\/1\" target=\"_blank\">LEIA A MAT\u00c9RIA COMPLETA<\/a><br \/><span style=\"font-size: 15px\">\/ G1 \/<\/span> <a href=\"http:\/\/g1.globo.com\/bemestar\/noticia\/2014\/01\/entenda-diferencas-entre-os-raios-uva-e-uvb-e-seus-efeitos-na-pele.html\" target=\"_blank\">LEIA A MAT\u00c9RIA COMPLETA<\/a><br \/><span style=\"font-size: 15px\">\/ PORTAL EDUCA\u00c7\u00c3O \/<\/span> <a href=\"https:\/\/www.portaleducacao.com.br\/conteudo\/artigos\/educacao\/os-riscos-da-exposicao-excessiva-ao-sol\/38146\" target=\"_blank\">LEIA A MAT\u00c9RIA COMPLETA<\/a>\n<\/p>\n<\/div>\n<p>[\/et_pb_text][\/et_pb_column][\/et_pb_row][\/et_pb_section][et_pb_section bb_built=&#8221;1&#8243; module_id=&#8221;saudemental&#8221; _builder_version=&#8221;3.15&#8243; custom_padding=&#8221;0px||0px|&#8221; prev_background_color=&#8221;#000000&#8243; next_background_color=&#8221;#000000&#8243;][et_pb_row make_fullwidth=&#8221;on&#8221; custom_padding=&#8221;0px||0px|&#8221; disabled_on=&#8221;on|on|off&#8221; _builder_version=&#8221;3.15&#8243;][et_pb_column type=&#8221;4_4&#8243;][et_pb_image admin_label=&#8221;imagem&#8221; src=&#8221;https:\/\/portalturbinar.com.br\/especial\/verao\/wp-content\/uploads\/verao-olhos.jpg&#8221; show_bottom_space=&#8221;off&#8221; align=&#8221;center&#8221; force_fullwidth=&#8221;on&#8221; _builder_version=&#8221;3.18.9&#8243; custom_padding=&#8221;0px|||&#8221;]<\/p>\n<p>[\/et_pb_image][et_pb_text admin_label=&#8221;olhos t\u00edtulo&#8221; _builder_version=&#8221;3.18.9&#8243; text_font_size=&#8221;75px&#8221; text_font_size_phone=&#8221;24px&#8221; text_font_size_last_edited=&#8221;on|desktop&#8221; text_line_height=&#8221;1.2em&#8221; border_radii=&#8221;on|0px|0px|0px|0px&#8221; border_color_all=&#8221;#ffffff&#8221; max_width=&#8221;890px&#8221; module_alignment=&#8221;center&#8221; custom_margin=&#8221;-188px||0px|&#8221;]<\/p>\n<div style=\"max-width: 100%;background-color: white;padding: 40px 100px 0px 40px;margin-left: auto;margin-right: auto\">DE OLHOS<br \/>\nBEM FECHADOS<\/div>\n<p>[\/et_pb_text][et_pb_text admin_label=&#8221;olhos destaque&#8221; _builder_version=&#8221;3.18.9&#8243; text_font_size=&#8221;34px&#8221; text_line_height=&#8221;1.2em&#8221; border_radii=&#8221;on|0px|0px|0px|0px&#8221; border_color_all=&#8221;#ffffff&#8221; max_width=&#8221;890px&#8221; module_alignment=&#8221;center&#8221; custom_margin=&#8221;||0px|&#8221;]<\/p>\n<div style=\"max-width: 100%;background-color: white;padding: 40px 100px 20px 40px;margin-left: auto;margin-right: auto\">Fechar os olhos quando o sol est\u00e1 muito forte \u00e9&nbsp;a&nbsp;rea\u00e7\u00e3o&nbsp;do corpo para proteger a retina<\/div>\n<p>[\/et_pb_text][et_pb_text admin_label=&#8221;olhos texto&#8221; _builder_version=&#8221;3.18.9&#8243; border_radii=&#8221;on|0px|0px|0px|0px&#8221; border_color_all=&#8221;#ffffff&#8221; max_width=&#8221;890px&#8221; module_alignment=&#8221;center&#8221; custom_padding=&#8221;||60px|&#8221;]<\/p>\n<div style=\"max-width: 100%; background-color: white; padding: 20px 100px 20px 40px; margin-left: auto; margin-right: auto;\">\n<p>A radia\u00e7\u00e3o solar pode provocar les\u00f5es na c\u00f3rnea e na retina. A catarata \u00e9 uma das doen\u00e7as mais conhecidas. Embora atinja pessoas a partir dos 60 anos, a idade pode baixar para 50 no caso de quem se exp\u00f4s exageradamente. Ao olhar para o sol ou para o seu reflexo, a retina \u2013 que fica no fundo do globo ocular \u2013 recebe radia\u00e7\u00e3o ultravioleta, os raios UV. Se isso se estender por alguns segundos, a retina literalmente queima e aparecem pequenas feridas. Essa condi\u00e7\u00e3o se chama fotoqueratite e \u00e9 uma les\u00e3o que dura cerca de 36 horas, marcada por incha\u00e7o e incomodo. Se a exposi\u00e7\u00e3o \u00e9 repetida ou prolongada, a les\u00e3o poder\u00e1 ser permanente e a pessoa ter\u00e1 uma \u00e1rea escura, como o ponto escuro que se v\u00ea ap\u00f3s um flash de c\u00e2mera fotogr\u00e1fica, s\u00f3 que permanente.<\/p>\n<p style=\"padding-top: 20px;\"><span style=\"font-size: 28px;\">Baratinho. E ainda faz mal<\/span><\/p>\n<p>Usar \u00f3culos com lentes de baixa qualidade n\u00e3o \u00e9 apenas pior, \u00e9 muito pior. Passe longe dos&nbsp;camel\u00f4s. S\u00f3 existe um lugar para comprar \u00f3culos, nas \u00f3ticas, claro. Lentes que n\u00e3o tenham prote\u00e7\u00e3o em UVA e UVB prejudicam em dobro: a pupila se dilata para compensar a lente escura e&nbsp;assim a retina fica completamente exposta aos raios nocivos. N\u00e3o existem \u00f3culos de 20 reais, esque\u00e7a. Chap\u00e9us, bon\u00e9s ou viseiras tamb\u00e9m s\u00e3o uma boa pedida adicional. Se voc\u00ea toma as&nbsp;provid\u00eancias corretas mas, ainda sim, seus olhos ficam vermelhos ap\u00f3s um dia na piscina ou&nbsp;na&nbsp;praia, a dica \u00e9 usar um soro fisiol\u00f3gico para aliviar a irrita\u00e7\u00e3o.<\/p>\n<p style=\"line-height: 1.2;\"><span style=\"font-size: 15px;\">FONTES<br \/> \/ BLOG SA\u00daDE \/<\/span> <a href=\"https:\/\/saude.abril.com.br\/blog\/com-a-palavra\/por-que-os-olhos-pedem-cuidados-no-verao\/\" target=\"_blank\" rel=\"noopener\">LEIA A MAT\u00c9RIA COMPLETA<\/a><br \/> <span style=\"font-size: 15px;\">\/ G1 \/<\/span> <a href=\"http:\/\/g1.globo.com\/bemestar\/noticia\/2014\/11\/fora-o-risco-pele-sol-sem-protecao-pode-causar-catarata-e-danos-retina.html\" target=\"_blank\" rel=\"noopener\">LEIA A MAT\u00c9RIA COMPLETA<\/a><\/p>\n<\/div>\n<p>[\/et_pb_text][\/et_pb_column][\/et_pb_row][et_pb_row make_fullwidth=&#8221;on&#8221; custom_padding=&#8221;0px||0px|&#8221; disabled_on=&#8221;||on&#8221; _builder_version=&#8221;3.12.2&#8243;][et_pb_column type=&#8221;4_4&#8243;][et_pb_image admin_label=&#8221;imagem mobile&#8221; src=&#8221;https:\/\/portalturbinar.com.br\/especial\/verao\/wp-content\/uploads\/verao-olhos.jpg&#8221; show_bottom_space=&#8221;off&#8221; align=&#8221;center&#8221; force_fullwidth=&#8221;on&#8221; _builder_version=&#8221;3.18.9&#8243;]<\/p>\n<p>[\/et_pb_image][et_pb_text admin_label=&#8221;olhos t\u00edtulo mobile&#8221; _builder_version=&#8221;3.18.9&#8243; text_font_size=&#8221;70px&#8221; text_font_size_phone=&#8221;40px&#8221; text_font_size_last_edited=&#8221;on|phone&#8221; text_line_height=&#8221;1.1em&#8221; header_font_size=&#8221;37px&#8221; border_radii=&#8221;on|0px|0px|0px|0px&#8221; border_color_all=&#8221;#ffffff&#8221; max_width=&#8221;890px&#8221; module_alignment=&#8221;center&#8221; custom_margin=&#8221;-10vh||0px|&#8221;]<\/p>\n<div style=\"max-width: 90%;background-color: white;padding: 5% 5% 2.5% 5%;margin-left: auto;margin-right: auto\">DE OLHOS<br \/>\nBEM FECHADOS<\/div>\n<p>[\/et_pb_text][et_pb_text admin_label=&#8221;olhos destaque mobile&#8221; _builder_version=&#8221;3.18.9&#8243; text_font_size=&#8221;37px&#8221; text_font_size_phone=&#8221;24px&#8221; text_font_size_last_edited=&#8221;on|phone&#8221; text_line_height=&#8221;1.2em&#8221; border_radii=&#8221;on|0px|0px|0px|0px&#8221; border_color_all=&#8221;#ffffff&#8221; max_width=&#8221;890px&#8221; module_alignment=&#8221;center&#8221; custom_margin=&#8221;||0px|&#8221;]<\/p>\n<div style=\"max-width: 90%;background-color: white;padding: 5% 5% 2.5% 5%;margin-left: auto;margin-right: auto\">Fechar os olhos quando o sol est\u00e1 muito forte \u00e9 a rea\u00e7\u00e3o do corpo para proteger a retina<\/div>\n<p>[\/et_pb_text][et_pb_text admin_label=&#8221;olhos texto mobile&#8221; _builder_version=&#8221;3.18.9&#8243; text_font_size=&#8221;18px&#8221; text_font_size_phone=&#8221;16px&#8221; text_font_size_last_edited=&#8221;on|desktop&#8221; border_radii=&#8221;on|0px|0px|0px|0px&#8221; border_color_all=&#8221;#ffffff&#8221; max_width=&#8221;890px&#8221; module_alignment=&#8221;center&#8221; custom_margin=&#8221;||0px|&#8221;]<\/p>\n<div style=\"max-width: 90%; background-color: white; padding: 5% 5% 50px 5%; margin-left: auto; margin-right: auto;\">\n<p>A radia\u00e7\u00e3o solar pode provocar les\u00f5es na c\u00f3rnea e na retina. A catarata \u00e9 uma das doen\u00e7as mais conhecidas. Embora atinja pessoas a partir dos 60 anos, a idade pode baixar para 50 no caso de quem se exp\u00f4s exageradamente. Ao olhar para o sol ou para o seu reflexo, a retina \u2013 que fica no fundo do globo ocular \u2013 recebe radia\u00e7\u00e3o ultravioleta, os raios UV. Se isso se estender por alguns segundos, a retina literalmente queima e aparecem pequenas feridas. Essa condi\u00e7\u00e3o se chama fotoqueratite e \u00e9 uma les\u00e3o que dura cerca de 36 horas, marcada por incha\u00e7o e incomodo. Se a exposi\u00e7\u00e3o \u00e9 repetida ou prolongada, a les\u00e3o poder\u00e1 ser permanente e a pessoa ter\u00e1 uma \u00e1rea escura, como o ponto escuro que se v\u00ea ap\u00f3s um flash de c\u00e2mera fotogr\u00e1fica, s\u00f3 que permanente.<\/p>\n<p style=\"padding-top: 20px;\"><span style=\"font-size: 28px;\">Baratinho. E ainda faz mal<\/span><\/p>\n<p>Usar \u00f3culos com lentes de baixa qualidade n\u00e3o \u00e9 apenas pior, \u00e9 muito pior. Passe longe dos camel\u00f4s. S\u00f3 existe um lugar para comprar \u00f3culos, nas \u00f3ticas, claro. Lentes que n\u00e3o tenham prote\u00e7\u00e3o em UVA e UVB prejudicam em dobro: a pupila se dilata para compensar a lente escura e assim a retina fica completamente exposta aos raios nocivos. N\u00e3o existem \u00f3culos de 20 reais, esque\u00e7a. Chap\u00e9us, bon\u00e9s ou viseiras tamb\u00e9m s\u00e3o uma boa pedida adicional. Se voc\u00ea toma as provid\u00eancias corretas mas, ainda sim, seus olhos ficam vermelhos ap\u00f3s um dia na piscina ou na praia, a dica \u00e9 usar um soro fisiol\u00f3gico para aliviar a irrita\u00e7\u00e3o.<\/p>\n<p style=\"line-height: 1.2;\"><span style=\"font-size: 15px;\">FONTES<br \/> \/ BLOG SA\u00daDE \/<\/span> <a href=\"https:\/\/saude.abril.com.br\/blog\/com-a-palavra\/por-que-os-olhos-pedem-cuidados-no-verao\/\" target=\"_blank\" rel=\"noopener\">LEIA A MAT\u00c9RIA COMPLETA<\/a><br \/> <span style=\"font-size: 15px;\">\/ G1 \/<\/span> <a href=\"http:\/\/g1.globo.com\/bemestar\/noticia\/2014\/11\/fora-o-risco-pele-sol-sem-protecao-pode-causar-catarata-e-danos-retina.html\" target=\"_blank\" rel=\"noopener\">LEIA A MAT\u00c9RIA COMPLETA<\/a><\/p>\n<\/div>\n<p>[\/et_pb_text][\/et_pb_column][\/et_pb_row][\/et_pb_section][et_pb_section bb_built=&#8221;1&#8243; module_id=&#8221;saudemental&#8221; _builder_version=&#8221;3.15&#8243; custom_padding=&#8221;0px||0px|&#8221; prev_background_color=&#8221;#000000&#8243; next_background_color=&#8221;#000000&#8243;][et_pb_row make_fullwidth=&#8221;on&#8221; custom_padding=&#8221;0px||0px|&#8221; disabled_on=&#8221;on|on|off&#8221; _builder_version=&#8221;3.15&#8243;][et_pb_column type=&#8221;4_4&#8243;][et_pb_image admin_label=&#8221;imagem&#8221; src=&#8221;https:\/\/portalturbinar.com.br\/especial\/verao\/wp-content\/uploads\/verao-insolacao.jpg&#8221; show_bottom_space=&#8221;off&#8221; align=&#8221;center&#8221; force_fullwidth=&#8221;on&#8221; _builder_version=&#8221;3.18.9&#8243; custom_padding=&#8221;0px|||&#8221;]<\/p>\n<p>[\/et_pb_image][et_pb_text admin_label=&#8221;insolacao t\u00edtulo&#8221; _builder_version=&#8221;3.18.9&#8243; text_font_size=&#8221;75px&#8221; text_font_size_phone=&#8221;24px&#8221; text_font_size_last_edited=&#8221;on|desktop&#8221; text_line_height=&#8221;1.2em&#8221; border_radii=&#8221;on|0px|0px|0px|0px&#8221; border_color_all=&#8221;#ffffff&#8221; max_width=&#8221;890px&#8221; module_alignment=&#8221;center&#8221; custom_margin=&#8221;-188px||0px|&#8221;]<\/p>\n<div style=\"max-width: 100%;background-color: white;padding: 40px 100px 0px 40px;margin-left: auto;margin-right: auto\">PASSANDO<br \/>\nDO PONTO<\/div>\n<p>[\/et_pb_text][et_pb_text admin_label=&#8221;insolacao destaque&#8221; _builder_version=&#8221;3.18.9&#8243; text_font_size=&#8221;34px&#8221; text_line_height=&#8221;1.2em&#8221; border_radii=&#8221;on|0px|0px|0px|0px&#8221; border_color_all=&#8221;#ffffff&#8221; max_width=&#8221;890px&#8221; module_alignment=&#8221;center&#8221; custom_margin=&#8221;||0px|&#8221;]<\/p>\n<div style=\"max-width: 100%;background-color: white;padding: 40px 100px 20px 40px;margin-left: auto;margin-right: auto\">N\u00e3o bastassem os raios nocivos,<br \/>\na temperatura tamb\u00e9m \u00e9 um risco<\/div>\n<p>[\/et_pb_text][et_pb_text admin_label=&#8221;insolacao texto&#8221; _builder_version=&#8221;3.18.9&#8243; border_radii=&#8221;on|0px|0px|0px|0px&#8221; border_color_all=&#8221;#ffffff&#8221; max_width=&#8221;890px&#8221; module_alignment=&#8221;center&#8221; custom_padding=&#8221;||60px|&#8221;]<\/p>\n<div style=\"max-width: 100%; background-color: white; padding: 20px 100px 20px 40px; margin-left: auto; margin-right: auto;\">\n<p>Al\u00e9m de maltratar a pele e os olhos, a exposi\u00e7\u00e3o excessiva ao sol e ao calor pode provocar insola\u00e7\u00e3o. Funciona assim: conforme a temperatura corporal vai passando de 38\u00baC (sendo que o normal \u00e9 36,5 a 37.5\u00baC), na tentativa de baix\u00e1-la, o corpo passa a suar copiosamente, causando\u00a0desidrata\u00e7\u00e3o. Se a umidade do ar estiver elevada, o vento fraco ou se a pessoa estiver usando roupas inadequadas, a evapora\u00e7\u00e3o do suor fica prejudicada e a temperatura continua subindo, aumentando a desidrata\u00e7\u00e3o. \u00c9 um ciclo cruel e perigoso, que pode levar \u00e0 morte. Por\u00a0isso,\u00a0fique atento aos sintomas:<\/p>\n<p>_ sede excessiva<br \/>\n_ secura na boca<br \/>\n_ respira\u00e7\u00e3o ofegante e falta de ar<br \/>\n_ pele muito vermelha<br \/>\n_ dor de cabe\u00e7a<br \/>\n_ tontura<br \/>\n_ n\u00e1usea<br \/>\n_ aumento da frequ\u00eancia card\u00edaca<br \/>\n_ perda de consci\u00eancia<br \/>\n_ febre<\/p>\n<p>O mais importante nesses casos \u00e9 baixar a temperatura do corpo: v\u00e1 para um local fresco<br \/>\ne arejado, deite no ch\u00e3o com a cabe\u00e7a elevada, tente repor a hidrata\u00e7\u00e3o atrav\u00e9s da ingest\u00e3o<br \/>\nde pequenos goles de \u00e1gua fresca e aplique toalhas \u00famidas no rosto e corpo. Para estimular<br \/>\na circula\u00e7\u00e3o sangu\u00ednea, massageie com suavidade algumas zonas do corpo e n\u00e3o tome nenhum medicamento analg\u00e9sico. Dependendo da gravidade dos sintomas, procure atendimento m\u00e9dico com urg\u00eancia: a insola\u00e7\u00e3o n\u00e3o tratada pode causar les\u00f5es graves em \u00f3rg\u00e3os internos vitais, como\u00a0o c\u00e9rebro, cora\u00e7\u00e3o, rins e m\u00fasculos. Crian\u00e7as s\u00e3o especialmente vulner\u00e1veis.<\/p>\n<p>Para se prevenir, evite se expor ao sol por v\u00e1rias horas seguidas, especialmente entre 10 e 16h; utilize roupas leves, frescas e de algod\u00e3o, ou aquelas com prote\u00e7\u00e3o UV; utilize protetor solar com\u00a0fator FPS elevado, aplique 30 minutos antes da exposi\u00e7\u00e3o e renove a cada 2 horas ou\u00a0ao\u00a0se\u00a0molhar; modere a atividade f\u00edsica sob o sol; mantenha-se hidratado e bem alimentado; evite\u00a0lugares quentes e fechados, como autom\u00f3veis.<\/p>\n<p style=\"line-height: 1.2;\"><span style=\"font-size: 15px;\">FONTES<br \/>\n\/ TUA SA\u00daDE \/<\/span> <a href=\"https:\/\/www.tuasaude.com\/sintomas-de-insolacao\/\" target=\"_blank\" rel=\"noopener\">LEIA A MAT\u00c9RIA COMPLETA<\/a><br \/>\n<span style=\"font-size: 15px;\">\/ REVISTA CRESCER \/<\/span> <a href=\"https:\/\/revistacrescer.globo.com\/Bebes\/Saude\/noticia\/2018\/01\/o-que-e-insolacao.html\" target=\"_blank\" rel=\"noopener\">LEIA A MAT\u00c9RIA COMPLETA<\/a><br \/>\n<span style=\"font-size: 15px;\">\/ ADVANCECARE \/<\/span> <a href=\"https:\/\/advancecare.pt\/artigos\/saude-e-bem-estar\/insolacao-proteja-os-mais-pequenos-dos-perigos-do-sol\" target=\"_blank\" rel=\"noopener\">LEIA A MAT\u00c9RIA COMPLETA<\/a><\/p>\n<\/div>\n<p>[\/et_pb_text][\/et_pb_column][\/et_pb_row][et_pb_row make_fullwidth=&#8221;on&#8221; custom_padding=&#8221;0px||0px|&#8221; disabled_on=&#8221;||on&#8221; _builder_version=&#8221;3.12.2&#8243;][et_pb_column type=&#8221;4_4&#8243;][et_pb_image admin_label=&#8221;imagem mobile&#8221; src=&#8221;https:\/\/portalturbinar.com.br\/especial\/verao\/wp-content\/uploads\/verao-insolacao.jpg&#8221; show_bottom_space=&#8221;off&#8221; align=&#8221;center&#8221; force_fullwidth=&#8221;on&#8221; _builder_version=&#8221;3.18.9&#8243;]<\/p>\n<p>[\/et_pb_image][et_pb_text admin_label=&#8221;insolacao t\u00edtulo mobile&#8221; _builder_version=&#8221;3.18.9&#8243; text_font_size=&#8221;70px&#8221; text_font_size_phone=&#8221;40px&#8221; text_font_size_last_edited=&#8221;on|phone&#8221; text_line_height=&#8221;1.1em&#8221; header_font_size=&#8221;37px&#8221; border_radii=&#8221;on|0px|0px|0px|0px&#8221; border_color_all=&#8221;#ffffff&#8221; max_width=&#8221;890px&#8221; module_alignment=&#8221;center&#8221; custom_margin=&#8221;-10vh||0px|&#8221;]<\/p>\n<div style=\"max-width: 90%;background-color: white;padding: 5% 5% 2.5% 5%;margin-left: auto;margin-right: auto\">PASSANDO<br \/>\nDO PONTO<\/div>\n<p>[\/et_pb_text][et_pb_text admin_label=&#8221;insolacao destaque mobile&#8221; _builder_version=&#8221;3.18.9&#8243; text_font_size=&#8221;37px&#8221; text_font_size_phone=&#8221;24px&#8221; text_font_size_last_edited=&#8221;on|phone&#8221; text_line_height=&#8221;1.2em&#8221; border_radii=&#8221;on|0px|0px|0px|0px&#8221; border_color_all=&#8221;#ffffff&#8221; max_width=&#8221;890px&#8221; module_alignment=&#8221;center&#8221; custom_margin=&#8221;||0px|&#8221;]<\/p>\n<div style=\"max-width: 90%;background-color: white;padding: 5% 5% 2.5% 5%;margin-left: auto;margin-right: auto\">N\u00e3o bastassem os raios nocivos,<br \/>\na temperatura tamb\u00e9m \u00e9 um risco<\/div>\n<p>[\/et_pb_text][et_pb_text admin_label=&#8221;insolacao texto mobile&#8221; _builder_version=&#8221;3.18.9&#8243; text_font_size=&#8221;18px&#8221; text_font_size_phone=&#8221;16px&#8221; text_font_size_last_edited=&#8221;on|desktop&#8221; border_radii=&#8221;on|0px|0px|0px|0px&#8221; border_color_all=&#8221;#ffffff&#8221; max_width=&#8221;890px&#8221; module_alignment=&#8221;center&#8221; custom_margin=&#8221;||0px|&#8221;]<\/p>\n<div style=\"max-width: 90%; background-color: white; padding: 5% 5% 50px 5%; margin-left: auto; margin-right: auto;\">\n<p>Al\u00e9m de maltratar a pele e os olhos, a exposi\u00e7\u00e3o excessiva ao sol e ao calor pode provocar insola\u00e7\u00e3o. Funciona assim: conforme a temperatura corporal vai passando de 38\u00ba (sendo que o normal \u00e9 36,5 a 37.5\u00ba), na tentativa de baix\u00e1-la, o corpo passa a suar copiosamente, causando desidrata\u00e7\u00e3o. Se a umidade do ar estiver elevada, o vento fraco ou se a pessoa estiver usando roupas inadequadas, a evapora\u00e7\u00e3o do suor fica prejudicada e a temperatura continua subindo, aumentando a desidrata\u00e7\u00e3o. \u00c9 um ciclo cruel e perigoso, que pode levar \u00e0 morte.<br \/>\nPor isso, fique atento aos sintomas:<\/p>\n<p>_ sede excessiva<br \/>\n_ secura na boca<br \/>\n_ respira\u00e7\u00e3o ofegante e falta de ar<br \/>\n_ pele muito vermelha<br \/>\n_ dor de cabe\u00e7a<br \/>\n_ tontura<br \/>\n_ n\u00e1usea<br \/>\n_ aumento da frequ\u00eancia card\u00edaca<br \/>\n_ perda de consci\u00eancia<br \/>\n_ febre<\/p>\n<p>O mais importante nesses casos \u00e9 baixar a temperatura do corpo: v\u00e1 para um local fresco<br \/>\ne arejado, deite no ch\u00e3o com a cabe\u00e7a elevada, tente repor a hidrata\u00e7\u00e3o atrav\u00e9s da ingest\u00e3o<br \/>\nde pequenos goles de \u00e1gua fresca e aplique toalhas \u00famidas no rosto e corpo. Para estimular<br \/>\na circula\u00e7\u00e3o sangu\u00ednea, massageie com suavidade algumas zonas do corpo e n\u00e3o tome nenhum medicamento analg\u00e9sico. Dependendo da gravidade dos sintomas, procure atendimento m\u00e9dico com urg\u00eancia: a insola\u00e7\u00e3o n\u00e3o tratada pode causar les\u00f5es graves em \u00f3rg\u00e3os internos vitais, como o c\u00e9rebro, cora\u00e7\u00e3o, rins e m\u00fasculos. Crian\u00e7as s\u00e3o especialmente vulner\u00e1veis.<\/p>\n<p>Para se prevenir, evite se expor ao sol por v\u00e1rias horas seguidas, especialmente entre 10 e 16h; utilize roupas leves, frescas e de algod\u00e3o, ou aquelas com prote\u00e7\u00e3o UV; utilize protetor solar com fator FPS elevado, aplique 30 minutos antes da exposi\u00e7\u00e3o e renove a cada 2 horas ou ao se molhar; modere a atividade f\u00edsica sob o sol; mantenha-se hidratado e bem alimentado; evite lugares quentes e fechados, como autom\u00f3veis.<\/p>\n<p style=\"line-height: 1.2;\"><span style=\"font-size: 15px;\">FONTES<br \/>\n\/ TUA SA\u00daDE \/<\/span> <a href=\"https:\/\/www.tuasaude.com\/sintomas-de-insolacao\/\" target=\"_blank\" rel=\"noopener\">LEIA A MAT\u00c9RIA COMPLETA<\/a><br \/>\n<span style=\"font-size: 15px;\">\/ REVISTA CRESCER \/<\/span> <a href=\"https:\/\/revistacrescer.globo.com\/Bebes\/Saude\/noticia\/2018\/01\/o-que-e-insolacao.html\" target=\"_blank\" rel=\"noopener\">LEIA A MAT\u00c9RIA COMPLETA<\/a><br \/>\n<span style=\"font-size: 15px;\">\/ ADVANCECARE \/<\/span> <a href=\"https:\/\/advancecare.pt\/artigos\/saude-e-bem-estar\/insolacao-proteja-os-mais-pequenos-dos-perigos-do-sol\" target=\"_blank\" rel=\"noopener\">LEIA A MAT\u00c9RIA COMPLETA<\/a><\/p>\n<\/div>\n<p>[\/et_pb_text][\/et_pb_column][\/et_pb_row][\/et_pb_section][et_pb_section bb_built=&#8221;1&#8243; module_id=&#8221;saudemental&#8221; _builder_version=&#8221;3.15&#8243; custom_padding=&#8221;0px||0px|&#8221; prev_background_color=&#8221;#000000&#8243; next_background_color=&#8221;#000000&#8243;][et_pb_row make_fullwidth=&#8221;on&#8221; custom_padding=&#8221;0px||0px|&#8221; disabled_on=&#8221;on|on|off&#8221; _builder_version=&#8221;3.15&#8243;][et_pb_column type=&#8221;4_4&#8243;][et_pb_image admin_label=&#8221;imagem&#8221; src=&#8221;https:\/\/portalturbinar.com.br\/especial\/verao\/wp-content\/uploads\/verao-alerta.jpg&#8221; show_bottom_space=&#8221;off&#8221; align=&#8221;center&#8221; force_fullwidth=&#8221;on&#8221; _builder_version=&#8221;3.18.9&#8243; custom_padding=&#8221;0px|||&#8221;]<\/p>\n<p>[\/et_pb_image][et_pb_text admin_label=&#8221;perigos t\u00edtulo&#8221; _builder_version=&#8221;3.18.9&#8243; text_font_size=&#8221;75px&#8221; text_font_size_phone=&#8221;24px&#8221; text_font_size_last_edited=&#8221;on|desktop&#8221; text_line_height=&#8221;1.2em&#8221; border_radii=&#8221;on|0px|0px|0px|0px&#8221; border_color_all=&#8221;#ffffff&#8221; max_width=&#8221;890px&#8221; module_alignment=&#8221;center&#8221; custom_margin=&#8221;-188px||0px|&#8221;]<\/p>\n<div style=\"max-width: 100%;background-color: white;padding: 40px 100px 0px 40px;margin-left: auto;margin-right: auto\">ALERTA<br \/>\nVERMELHO<\/div>\n<p>[\/et_pb_text][et_pb_text admin_label=&#8221;perigos destaque&#8221; _builder_version=&#8221;3.18.9&#8243; text_font_size=&#8221;34px&#8221; text_line_height=&#8221;1.2em&#8221; border_radii=&#8221;on|0px|0px|0px|0px&#8221; border_color_all=&#8221;#ffffff&#8221; max_width=&#8221;890px&#8221; module_alignment=&#8221;center&#8221; custom_margin=&#8221;||0px|&#8221;]<\/p>\n<div style=\"max-width: 100%;background-color: white;padding: 40px 100px 20px 40px;margin-left: auto;margin-right: auto\">Outros perigos do ver\u00e3o<br \/>\nque podem estragar seu dia<\/div>\n<p>[\/et_pb_text][et_pb_text admin_label=&#8221;perigos texto&#8221; _builder_version=&#8221;3.18.9&#8243; border_radii=&#8221;on|0px|0px|0px|0px&#8221; border_color_all=&#8221;#ffffff&#8221; max_width=&#8221;890px&#8221; module_alignment=&#8221;center&#8221; custom_padding=&#8221;||0px|&#8221;]<\/p>\n<div style=\"max-width: 100%;background-color: white;padding: 20px 100px 20px 40px;margin-left: auto;margin-right: auto\">\n<p>Se voc\u00ea \u00e9 daqueles que n\u00e3o podem ver uma barraquinha de camar\u00e3o na praia, m\u00e1s not\u00edcias: as&nbsp;famosas comidinhas de praia s\u00e3o uma das maiores causas de intoxica\u00e7\u00e3o no ver\u00e3o. Por isso, na hora de recorrer aos quiosques e ambulantes, atente-se \u00e0 qualidade dos alimentos para afastar os riscos de n\u00e1useas, diarreia e dores abdominais: identifique o odor e apar\u00eancia do prato escolhido, assim como sua data de validade, caso seja poss\u00edvel. Preste aten\u00e7\u00e3o tamb\u00e9m na&nbsp;higiene do vendedor. Verifique se ele ou ela usa luvas, se n\u00e3o manipula dinheiro e comida ao&nbsp;mesmo tempo, se os seus cabelos est\u00e3o protegidos e se suas unhas est\u00e3o bem cortadas.<\/p>\n<p>Uma boa alternativa \u00e9 fazer o card\u00e1pio em casa, garantindo que os alimentos estejam frescos e&nbsp;bem higienizados. Transporte-os embalados em bolsas t\u00e9rmicas forradas com gelo, j\u00e1 que a temperatura elevada aumenta a multiplica\u00e7\u00e3o de microorganismos. Veja algumas sugest\u00f5es que&nbsp;podem dar um belo lanche de praia:<\/p>\n<p>_ frutas leves como ma\u00e7\u00e3, uva, cereja e tangerina<br \/>\n_ vegetais como cenoura baby, pepino cortado em tiras finas ou tomate-cereja<br \/>\n_ sandu\u00edches naturais<br \/>\n_ mix de frutas desidratadas e nozes<br \/>\n_ barras de cereais<br \/>\n_ cookies integrais ou biscoito de polvilho, com modera\u00e7\u00e3o<\/p>\n<p style=\"padding-top: 20px\"><span style=\"font-size: 28px\">Campo minado<\/span><\/p>\n<p>Muito cuidado onde se banha e onde pisa: a \u00e1gua ou areia contaminadas pelo esgoto podem ter bact\u00e9rias que causam diarreia e outros inc\u00f4modos; j\u00e1 a areia seca pode ter parasitas e larvas, principalmente por causa das fezes de animais como c\u00e3es, gatos e aves. Outro perigo s\u00e3o os materiais perfurantes: cacos de vidro, pe\u00e7as de metal e at\u00e9 mesmo pregos. Por fim, \u00e1guas-vivas, espinhos e barbatanas de peixes podem estar escondidas no mar, ou na areia, \u00e0 espera de um banhista desavisado. Por isso, adote algumas precau\u00e7\u00f5es:<\/p>\n<p>_ quando for caminhar pela praia, use chinelos ou sand\u00e1lias<br \/>\n_ se for correr, n\u00e3o dispense o t\u00eanis<br \/>\n_ n\u00e3o frequente praias consideradas impr\u00f3prias para banho<br \/>\n_ ap\u00f3s chuvas fortes, n\u00e3o frequente praias que recebem \u00e1gua de rios<br \/>\n_ evite a ingest\u00e3o de \u00e1gua do mar<br \/>\n_ n\u00e3o leve animais \u00e0 praia<\/p>\n<p style=\"line-height: 1.2\"><span style=\"font-size: 15px\">FONTES<br \/>\/ TUA SA\u00daDE \/<\/span> <a href=\"https:\/\/www.tuasaude.com\/sintomas-de-insolacao\/\" target=\"_blank\">LEIA A MAT\u00c9RIA COMPLETA<\/a><br \/><span style=\"font-size: 15px\">\/ REVISTA CRESCER \/<\/span> <a href=\"https:\/\/revistacrescer.globo.com\/Bebes\/Saude\/noticia\/2018\/01\/o-que-e-insolacao.html\" target=\"_blank\">LEIA A MAT\u00c9RIA COMPLETA<\/a><br \/><span style=\"font-size: 15px\">\/ CONQUISTE SUA VIDA \/<\/span> <a href=\"https:\/\/www.conquistesuavida.com.br\/noticia\/o-que-levar-para-comer-na-praia-veja-lanches-saudaveis-para-o-seu-dia-de-sol_a2320\/1\" target=\"_blank\">LEIA A MAT\u00c9RIA COMPLETA<\/a><br \/><span style=\"font-size: 15px\">\/ GNT \/<\/span> <a href=\"http:\/\/gnt.globo.com\/bem-estar\/materias\/perigos-dos-alimentos-na-praia-o-que-evitar-para-nao-passar-mal.htm\" target=\"_blank\">LEIA A MAT\u00c9RIA COMPLETA<\/a><\/p>\n<\/div>\n<p>[\/et_pb_text][et_pb_text admin_label=&#8221;perigos t\u00edtulo&#8221; _builder_version=&#8221;3.18.9&#8243; text_font_size=&#8221;75px&#8221; text_font_size_phone=&#8221;24px&#8221; text_font_size_last_edited=&#8221;on|desktop&#8221; text_line_height=&#8221;1.2em&#8221; border_radii=&#8221;on|0px|0px|0px|0px&#8221; border_color_all=&#8221;#ffffff&#8221; text_orientation=&#8221;right&#8221; max_width=&#8221;890px&#8221; module_alignment=&#8221;center&#8221; custom_margin=&#8221;||0px|&#8221;]<\/p>\n<div style=\"max-width: 100%;background-color: white;padding: 40px 100px 0px 40px;margin-left: auto;margin-right: auto\">HOMEM AO MAR<\/div>\n<p>[\/et_pb_text][et_pb_text admin_label=&#8221;perigos destaque&#8221; _builder_version=&#8221;3.18.9&#8243; text_font_size=&#8221;34px&#8221; text_font_size_phone=&#8221;24px&#8221; text_font_size_last_edited=&#8221;on|desktop&#8221; text_line_height=&#8221;1.2em&#8221; border_radii=&#8221;on|0px|0px|0px|0px&#8221; border_color_all=&#8221;#ffffff&#8221; text_orientation=&#8221;right&#8221; max_width=&#8221;890px&#8221; module_alignment=&#8221;center&#8221; custom_margin=&#8221;||0px|&#8221; custom_css_main_element=&#8221;letter-spacing: -0.5px;&#8221;]<\/p>\n<div style=\"max-width: 100%;background-color: white;padding: 20px 100px 20px 40px;margin-left: auto;margin-right: auto\">Muita gente n\u00e3o faz ideia do que s\u00e3o as correntes de&nbsp;retorno, tamb\u00e9m conhecidas como valas ou repuxos. Elas fazem milhares de v\u00edtimas todos os anos nas&nbsp;praias&nbsp;do&nbsp;Brasil. N\u00e3o seja uma delas.<\/div>\n<p>[\/et_pb_text][et_pb_text admin_label=&#8221;perigos video&#8221; _builder_version=&#8221;3.18.9&#8243; border_radii=&#8221;on|0px|0px|0px|0px&#8221; border_color_all=&#8221;#ffffff&#8221; text_orientation=&#8221;right&#8221; max_width=&#8221;890px&#8221; module_alignment=&#8221;center&#8221; custom_margin=&#8221;||0px|&#8221; custom_padding=&#8221;||0px|&#8221;]<\/p>\n<div style=\"max-width: 100%; background-color: white; padding: 20px 100px 90px 40px; margin-left: auto; margin-right: auto;\"><iframe loading=\"lazy\" src=\"https:\/\/www.youtube.com\/embed\/ZPud9_Y1YB0?cc_load_policy=1&amp;cc_lang_pref=pt\" width=\"560\" height=\"315\" frameborder=\"0\" allowfullscreen=\"allowfullscreen\"><\/iframe><\/div>\n<p>[\/et_pb_text][\/et_pb_column][\/et_pb_row][et_pb_row make_fullwidth=&#8221;on&#8221; custom_padding=&#8221;0px||0px|&#8221; disabled_on=&#8221;||on&#8221; _builder_version=&#8221;3.12.2&#8243;][et_pb_column type=&#8221;4_4&#8243;][et_pb_image admin_label=&#8221;imagem mobile&#8221; src=&#8221;https:\/\/portalturbinar.com.br\/especial\/verao\/wp-content\/uploads\/verao-alerta.jpg&#8221; show_bottom_space=&#8221;off&#8221; align=&#8221;center&#8221; force_fullwidth=&#8221;on&#8221; _builder_version=&#8221;3.18.9&#8243;]<\/p>\n<p>[\/et_pb_image][et_pb_text admin_label=&#8221;perigos t\u00edtulo mobile&#8221; _builder_version=&#8221;3.18.9&#8243; text_font_size=&#8221;70px&#8221; text_font_size_phone=&#8221;40px&#8221; text_font_size_last_edited=&#8221;on|phone&#8221; text_line_height=&#8221;1.1em&#8221; header_font_size=&#8221;37px&#8221; border_radii=&#8221;on|0px|0px|0px|0px&#8221; border_color_all=&#8221;#ffffff&#8221; max_width=&#8221;890px&#8221; module_alignment=&#8221;center&#8221; custom_margin=&#8221;-10vh||0px|&#8221;]<\/p>\n<div style=\"max-width: 90%;background-color: white;padding: 5% 5% 2.5% 5%;margin-left: auto;margin-right: auto\">ALERTA<br \/>\nVERMELHO<\/div>\n<p>[\/et_pb_text][et_pb_text admin_label=&#8221;perigos destaque mobile&#8221; _builder_version=&#8221;3.18.9&#8243; text_font_size=&#8221;37px&#8221; text_font_size_phone=&#8221;24px&#8221; text_font_size_last_edited=&#8221;on|phone&#8221; text_line_height=&#8221;1.2em&#8221; border_radii=&#8221;on|0px|0px|0px|0px&#8221; border_color_all=&#8221;#ffffff&#8221; max_width=&#8221;890px&#8221; module_alignment=&#8221;center&#8221; custom_margin=&#8221;||0px|&#8221;]<\/p>\n<div style=\"max-width: 90%;background-color: white;padding: 5% 5% 2.5% 5%;margin-left: auto;margin-right: auto\">Outros perigos do ver\u00e3o que podem estragar seu dia<\/div>\n<p>[\/et_pb_text][et_pb_text admin_label=&#8221;perigos texto mobile&#8221; _builder_version=&#8221;3.18.9&#8243; text_font_size=&#8221;18px&#8221; text_font_size_phone=&#8221;16px&#8221; text_font_size_last_edited=&#8221;on|desktop&#8221; border_radii=&#8221;on|0px|0px|0px|0px&#8221; border_color_all=&#8221;#ffffff&#8221; max_width=&#8221;890px&#8221; module_alignment=&#8221;center&#8221; custom_margin=&#8221;||0px|&#8221;]<\/p>\n<div style=\"max-width: 90%;background-color: white;padding: 5% 5% 50px 5%;margin-left: auto;margin-right: auto\">\n<p>Se voc\u00ea \u00e9 daqueles que n\u00e3o podem ver uma barraquinha de camar\u00e3o na praia, m\u00e1s not\u00edcias: as famosas comidinhas de praia s\u00e3o uma das maiores causas de intoxica\u00e7\u00e3o no ver\u00e3o. Por isso, na hora de recorrer aos quiosques e ambulantes, atente-se \u00e0 qualidade dos alimentos para afastar os riscos de n\u00e1useas, diarreia e dores abdominais: identifique o odor e apar\u00eancia do prato escolhido, assim como sua data de validade, caso seja poss\u00edvel. Preste aten\u00e7\u00e3o tamb\u00e9m na higiene do vendedor. Verifique se ele ou ela usa luvas, se n\u00e3o manipula dinheiro e comida ao mesmo tempo, se os seus cabelos est\u00e3o protegidos e se suas unhas est\u00e3o bem cortadas.<\/p>\n<p>Uma boa alternativa \u00e9 fazer o card\u00e1pio em casa, garantindo que os alimentos estejam frescos e bem higienizados. Transporte-os embalados em bolsas t\u00e9rmicas forradas com gelo, j\u00e1 que a temperatura elevada aumenta a multiplica\u00e7\u00e3o de microorganismos. Veja algumas sugest\u00f5es que podem dar um belo lanche de praia:<\/p>\n<p>_ frutas leves como ma\u00e7\u00e3, uva, cereja e tangerina<br \/>\n_ vegetais como cenoura baby, pepino cortado em tiras finas ou tomate-cereja<br \/>\n_ sandu\u00edches naturais<br \/>\n_ mix de frutas desidratadas e nozes<br \/>\n_ barras de cereais<br \/>\n_ cookies integrais ou biscoito de polvilho, com modera\u00e7\u00e3o<\/p>\n<p style=\"padding-top: 20px\"><span style=\"font-size: 28px\">Campo minado<\/span><\/p>\n<p>Muito cuidado onde se banha e onde pisa: a \u00e1gua ou areia contaminadas pelo esgoto podem ter bact\u00e9rias que causam diarreia e outros inc\u00f4modos; j\u00e1 a areia seca pode ter parasitas e larvas, principalmente por causa das fezes de animais como c\u00e3es, gatos e aves. Outro perigo s\u00e3o os materiais perfurantes: cacos de vidro, pe\u00e7as de metal e at\u00e9 mesmo pregos. Por fim, \u00e1guas-vivas, espinhos e barbatanas de peixes podem estar escondidas no mar, ou na areia, \u00e0 espera de um banhista desavisado. Por isso, adote algumas precau\u00e7\u00f5es:<\/p>\n<p>_ quando for caminhar pela praia, use chinelos ou sand\u00e1lias<br \/>\n_ se for correr, n\u00e3o dispense o t\u00eanis<br \/>\n_ n\u00e3o frequente praias consideradas impr\u00f3prias para banho<br \/>\n_ ap\u00f3s chuvas fortes, n\u00e3o frequente praias que recebem \u00e1gua de rios<br \/>\n_ evite a ingest\u00e3o de \u00e1gua do mar<br \/>\n_ n\u00e3o leve animais \u00e0 praia<\/p>\n<p style=\"line-height: 1.2\"><span style=\"font-size: 15px\">FONTES<br \/>\/ TUA SA\u00daDE \/<\/span> <a href=\"https:\/\/www.tuasaude.com\/sintomas-de-insolacao\/\" target=\"_blank\">LEIA A MAT\u00c9RIA COMPLETA<\/a><br \/><span style=\"font-size: 15px\">\/ REVISTA CRESCER \/<\/span> <a href=\"https:\/\/revistacrescer.globo.com\/Bebes\/Saude\/noticia\/2018\/01\/o-que-e-insolacao.html\" target=\"_blank\">LEIA A MAT\u00c9RIA COMPLETA<\/a><br \/><span style=\"font-size: 15px\">\/ CONQUISTE SUA VIDA \/<\/span> <a href=\"https:\/\/www.conquistesuavida.com.br\/noticia\/o-que-levar-para-comer-na-praia-veja-lanches-saudaveis-para-o-seu-dia-de-sol_a2320\/1\" target=\"_blank\">LEIA A MAT\u00c9RIA COMPLETA<\/a><br \/><span style=\"font-size: 15px\">\/ GNT \/<\/span> <a href=\"http:\/\/gnt.globo.com\/bem-estar\/materias\/perigos-dos-alimentos-na-praia-o-que-evitar-para-nao-passar-mal.htm\" target=\"_blank\">LEIA A MAT\u00c9RIA COMPLETA<\/a><\/p>\n<\/div>\n<p>[\/et_pb_text][et_pb_text admin_label=&#8221;perigos t\u00edtulo mobile&#8221; _builder_version=&#8221;3.18.9&#8243; text_font_size=&#8221;70px&#8221; text_font_size_phone=&#8221;40px&#8221; text_font_size_last_edited=&#8221;on|phone&#8221; text_line_height=&#8221;1.1em&#8221; header_font_size=&#8221;37px&#8221; border_radii=&#8221;on|0px|0px|0px|0px&#8221; border_color_all=&#8221;#ffffff&#8221; text_orientation=&#8221;right&#8221; max_width=&#8221;890px&#8221; module_alignment=&#8221;center&#8221; custom_margin=&#8221;||0px|&#8221;]<\/p>\n<div style=\"max-width: 90%;background-color: white;padding: 5% 5% 2.5% 5%;margin-left: auto;margin-right: auto\">HOMEM AO MAR<\/div>\n<p>[\/et_pb_text][et_pb_text admin_label=&#8221;perigos destaque mobile&#8221; _builder_version=&#8221;3.18.9&#8243; text_font_size=&#8221;36px&#8221; text_font_size_phone=&#8221;24px&#8221; text_font_size_last_edited=&#8221;on|phone&#8221; text_line_height=&#8221;1.2em&#8221; border_radii=&#8221;on|0px|0px|0px|0px&#8221; border_color_all=&#8221;#ffffff&#8221; text_orientation=&#8221;right&#8221; max_width=&#8221;890px&#8221; module_alignment=&#8221;center&#8221; custom_margin=&#8221;||0px|&#8221;]<\/p>\n<div style=\"max-width: 90%;background-color: white;padding: 5% 5% 2.5% 5%;margin-left: auto;margin-right: auto\">Muita gente n\u00e3o faz ideia do que s\u00e3o as correntes de retorno, tamb\u00e9m conhecidas como valas ou repuxos. Elas fazem milhares de v\u00edtimas todos os anos nas praias do Brasil. N\u00e3o seja uma delas.<\/div>\n<p>[\/et_pb_text][et_pb_text admin_label=&#8221;perigos video mobile&#8221; _builder_version=&#8221;3.18.9&#8243; text_font_size=&#8221;18px&#8221; text_font_size_phone=&#8221;16px&#8221; text_font_size_last_edited=&#8221;on|desktop&#8221; border_radii=&#8221;on|0px|0px|0px|0px&#8221; border_color_all=&#8221;#ffffff&#8221; text_orientation=&#8221;right&#8221; max_width=&#8221;890px&#8221; module_alignment=&#8221;center&#8221; custom_margin=&#8221;||0px|&#8221;]<\/p>\n<div style=\"max-width: 90%; background-color: white; padding: 5% 5% 90px 5%; margin-left: auto; margin-right: auto;\"><iframe loading=\"lazy\" src=\"https:\/\/www.youtube.com\/embed\/ZPud9_Y1YB0?cc_load_policy=1&amp;cc_lang_pref=pt\" width=\"750\" height=\"422\" frameborder=\"0\" allowfullscreen=\"allowfullscreen\"><\/iframe><\/div>\n<p>[\/et_pb_text][\/et_pb_column][\/et_pb_row][\/et_pb_section][et_pb_section bb_built=&#8221;1&#8243; disabled_on=&#8221;on|on|&#8221; _builder_version=&#8221;3.18.9&#8243; background_image=&#8221;https:\/\/portalturbinar.com.br\/especial\/verao\/wp-content\/uploads\/verao-citacao.jpg&#8221; custom_padding=&#8221;0px||0px|&#8221; custom_css_main_element=&#8221;min-height: 120vh; display: flex; display: -webkit-flex; align-items: center; -webkit-align-items: center;&#8221; prev_background_color=&#8221;#ffffff&#8221; next_background_color=&#8221;#ffffff&#8221;][et_pb_row use_custom_width=&#8221;on&#8221; custom_width_px=&#8221;810px&#8221; custom_padding=&#8221;170px||170px|&#8221; _builder_version=&#8221;3.0.93&#8243;][et_pb_column type=&#8221;4_4&#8243;][et_pb_text admin_label=&#8221;cita\u00e7\u00e3o&#8221; _builder_version=&#8221;3.18.9&#8243; text_font_size=&#8221;65px&#8221; text_font_size_tablet=&#8221;50px&#8221; text_font_size_phone=&#8221;32px&#8221; text_font_size_last_edited=&#8221;on|tablet&#8221; text_line_height=&#8221;1.1em&#8221; text_orientation=&#8221;right&#8221; background_layout=&#8221;dark&#8221; custom_margin=&#8221;||30px|&#8221; custom_css_main_element=&#8221;letter-spacing: -1px;&#8221;]<\/p>\n<p>\n\u201c\u00c9 o mesmo sol que derrete a&nbsp;cera e seca a argila.\u201d<\/p>\n<p>[\/et_pb_text][et_pb_text admin_label=&#8221;autor&#8221; _builder_version=&#8221;3.18.9&#8243; text_font_size=&#8221;18px&#8221; text_orientation=&#8221;right&#8221; background_layout=&#8221;dark&#8221; module_alignment=&#8221;left&#8221;]<\/p>\n<p>\n<span style=\"font-size: 40px\">Antoine de Saint-Exup\u00e9ry,<\/span> 1900 &#8211; 1944, escritor franc\u00eas<\/p>\n<p>[\/et_pb_text][\/et_pb_column][\/et_pb_row][\/et_pb_section][et_pb_section bb_built=&#8221;1&#8243; disabled_on=&#8221;||on&#8221; _builder_version=&#8221;3.18.9&#8243; background_image=&#8221;https:\/\/portalturbinar.com.br\/especial\/verao\/wp-content\/uploads\/verao-citacao.jpg&#8221; custom_padding=&#8221;0px||0px|&#8221; custom_css_main_element=&#8221;min-height: 120vh; display: flex; display: -webkit-flex; align-items: center; -webkit-align-items: center;&#8221; prev_background_color=&#8221;#ffffff&#8221; next_background_color=&#8221;#ffffff&#8221;][et_pb_row use_custom_width=&#8221;on&#8221; custom_width_px=&#8221;810px&#8221; custom_padding=&#8221;170px||170px|&#8221; disabled_on=&#8221;||on&#8221; _builder_version=&#8221;3.6&#8243;][et_pb_column type=&#8221;4_4&#8243;][et_pb_text admin_label=&#8221;cita\u00e7\u00e3o mobile&#8221; _builder_version=&#8221;3.18.9&#8243; text_font_size=&#8221;73px&#8221; text_font_size_tablet=&#8221;50px&#8221; text_font_size_phone=&#8221;32px&#8221; text_font_size_last_edited=&#8221;on|phone&#8221; text_line_height=&#8221;1.1em&#8221; header_text_align=&#8221;right&#8221; text_orientation=&#8221;right&#8221; background_layout=&#8221;dark&#8221; custom_margin=&#8221;||30px|&#8221; custom_css_main_element=&#8221;text-align: right; !important; letter-spacing: -1px;&#8221;]<\/p>\n<p>\n\u201c\u00c9 o mesmo sol que derrete a cera e seca a argila.\u201d<\/p>\n<p>[\/et_pb_text][et_pb_text admin_label=&#8221;autor mobile&#8221; _builder_version=&#8221;3.18.9&#8243; text_font_size=&#8221;15px&#8221; header_text_align=&#8221;right&#8221; text_orientation=&#8221;right&#8221; background_layout=&#8221;dark&#8221; module_alignment=&#8221;left&#8221; custom_css_main_element=&#8221;text-align: right; !important;&#8221;]<\/p>\n<p>\n<span style=\"font-size: 20px\">Antoine de Saint-Exup\u00e9ry,<\/span><br \/>1900 &#8211; 1944, escritor franc\u00eas<\/p>\n<p>[\/et_pb_text][\/et_pb_column][\/et_pb_row][\/et_pb_section][et_pb_section bb_built=&#8221;1&#8243; _builder_version=&#8221;3.0.93&#8243; custom_padding=&#8221;0px||0px|&#8221; prev_background_color=&#8221;#000000&#8243;][et_pb_row custom_padding=&#8221;110px||80px|&#8221; disabled_on=&#8221;on|off|&#8221; _builder_version=&#8221;3.0.93&#8243; custom_css_main_element=&#8221;display: flex; display: -webkit-flex; align-items: center; -webkit-align-items: center;&#8221;][et_pb_column type=&#8221;1_2&#8243;][et_pb_text admin_label=&#8221;compartilhe&#8221; _builder_version=&#8221;3.18.9&#8243; text_line_height=&#8221;2em&#8221;]<\/p>\n<p>\nCURTIU? COMPARTILHE COM AMIGOS<br \/><a href=\"https:\/\/www.facebook.com\/sharer\/sharer.php?u=https:\/\/portalturbinar.com.br\/especial\/verao\/\" target=\"_blank\" rel=\"noopener\"><img decoding=\"async\" loading=\"lazy\" class=\"icone_rede\" src=\"https:\/\/portalturbinar.com.br\/especial\/verao\/wp-content\/uploads\/icon_face.png\" alt=\"\" width=\"45\" height=\"45\"><\/a><a href=\"https:\/\/twitter.com\/intent\/tweet?url=https:\/\/portalturbinar.com.br\/especial\/verao\/\" target=\"_blank\" rel=\"noopener\"><img decoding=\"async\" loading=\"lazy\" class=\"icone_rede\" src=\"https:\/\/portalturbinar.com.br\/especial\/verao\/wp-content\/uploads\/icon_twitter.png\" alt=\"\" width=\"45\" height=\"45\"><\/a><a href=\"https:\/\/www.linkedin.com\/shareArticle?mini=true&amp;ro=true&amp;url=https:\/\/portalturbinar.com.br\/especial\/verao\/\" target=\"_blank\" rel=\"noopener\"><img decoding=\"async\" loading=\"lazy\" class=\"icone_rede\" src=\"https:\/\/portalturbinar.com.br\/especial\/verao\/wp-content\/uploads\/icon_linked.png\" alt=\"\" width=\"45\" height=\"45\"><\/a><a href=\"https:\/\/plus.google.com\/share?url=https:\/\/portalturbinar.com.br\/especial\/verao\/\" target=\"_blank\" rel=\"noopener\"><img decoding=\"async\" loading=\"lazy\" class=\"icone_rede\" src=\"https:\/\/portalturbinar.com.br\/especial\/verao\/wp-content\/uploads\/icon_google.png\" alt=\"\" width=\"45\" height=\"45\"><\/a><a href=\"https:\/\/pinterest.com\/pin\/create\/button\/?url=https:\/\/portalturbinar.com.br\/especial\/verao\/\" target=\"_blank\" rel=\"noopener\"><img decoding=\"async\" loading=\"lazy\" class=\"icone_rede\" style=\"margin-right: 0 !important\" src=\"https:\/\/portalturbinar.com.br\/especial\/verao\/wp-content\/uploads\/icon_pinterest.png\" alt=\"\" width=\"45\" height=\"45\"><\/a><\/p>\n<p>[\/et_pb_text][\/et_pb_column][et_pb_column type=&#8221;1_2&#8243;][et_pb_text admin_label=&#8221;logo its&#8217;seg&#8221; _builder_version=&#8221;3.12.2&#8243; text_orientation=&#8221;right&#8221;]<\/p>\n<p>\n<a href=\"http:\/\/www.segurosinteligentes.com.br\" target=\"_blank\" rel=\"noopener\"><img decoding=\"async\" loading=\"lazy\" class=\"alignnone size-full wp-image-37\" src=\"https:\/\/portalturbinar.com.br\/especial\/verao\/wp-content\/uploads\/logo.png\" alt=\"\" width=\"80\" height=\"80\"><\/a><\/p>\n<p>[\/et_pb_text][\/et_pb_column][\/et_pb_row][et_pb_row custom_padding=&#8221;110px||0px|&#8221; disabled_on=&#8221;|on|on&#8221; _builder_version=&#8221;3.0.93&#8243;][et_pb_column type=&#8221;1_2&#8243;][et_pb_text admin_label=&#8221;compartilhe&#8221; _builder_version=&#8221;3.18.9&#8243; text_line_height=&#8221;2em&#8221; text_orientation=&#8221;center&#8221;]<\/p>\n<p>CURTIU? COMPARTILHE COM AMIGOS<br \/><a href=\"https:\/\/www.facebook.com\/sharer\/sharer.php?u=https:\/\/portalturbinar.com.br\/especial\/verao\/\" target=\"_blank\" rel=\"noopener\"><img decoding=\"async\" loading=\"lazy\" class=\"icone_rede\" src=\"https:\/\/portalturbinar.com.br\/especial\/verao\/wp-content\/uploads\/icon_face.png\" alt=\"\" width=\"45\" height=\"45\"><\/a><a href=\"https:\/\/twitter.com\/intent\/tweet?url=https:\/\/portalturbinar.com.br\/especial\/verao\/\" target=\"_blank\" rel=\"noopener\"><img decoding=\"async\" loading=\"lazy\" class=\"icone_rede\" src=\"https:\/\/portalturbinar.com.br\/especial\/verao\/wp-content\/uploads\/icon_twitter.png\" alt=\"\" width=\"45\" height=\"45\"><\/a><a href=\"https:\/\/www.linkedin.com\/shareArticle?mini=true&amp;ro=true&amp;url=https:\/\/portalturbinar.com.br\/especial\/verao\/\" target=\"_blank\" rel=\"noopener\"><img decoding=\"async\" loading=\"lazy\" class=\"icone_rede\" src=\"https:\/\/portalturbinar.com.br\/especial\/verao\/wp-content\/uploads\/icon_linked.png\" alt=\"\" width=\"45\" height=\"45\"><\/a><a href=\"https:\/\/plus.google.com\/share?url=https:\/\/portalturbinar.com.br\/especial\/verao\/\" target=\"_blank\" rel=\"noopener\"><img decoding=\"async\" loading=\"lazy\" class=\"icone_rede\" src=\"https:\/\/portalturbinar.com.br\/especial\/verao\/wp-content\/uploads\/icon_google.png\" alt=\"\" width=\"45\" height=\"45\"><\/a><a href=\"https:\/\/pinterest.com\/pin\/create\/button\/?url=https:\/\/portalturbinar.com.br\/especial\/verao\/\" target=\"_blank\" rel=\"noopener\"><img decoding=\"async\" loading=\"lazy\" class=\"icone_rede\" style=\"margin-right: 0 !important\" src=\"https:\/\/portalturbinar.com.br\/especial\/verao\/wp-content\/uploads\/icon_pinterest.png\" alt=\"\" width=\"45\" height=\"45\"><\/a><\/p>\n<p>[\/et_pb_text][\/et_pb_column][et_pb_column type=&#8221;1_2&#8243;][et_pb_text admin_label=&#8221;logo its&#8217;seg&#8221; _builder_version=&#8221;3.0.93&#8243; text_orientation=&#8221;center&#8221;]<\/p>\n<p>\n<a href=\"http:\/\/www.segurosinteligentes.com.br\" target=\"_blank\" rel=\"noopener\"><img decoding=\"async\" loading=\"lazy\" class=\"alignnone size-full wp-image-37\" src=\"https:\/\/portalturbinar.com.br\/especial\/verao\/wp-content\/uploads\/logo.png\" alt=\"\" width=\"80\" height=\"80\" \/><\/a><\/p>\n<p>[\/et_pb_text][\/et_pb_column][\/et_pb_row][et_pb_row custom_padding=&#8221;0px||40px|&#8221; disabled_on=&#8221;on||&#8221; _builder_version=&#8221;3.0.93&#8243; custom_css_main_element=&#8221;display: flex; display: -webkit-flex; align-items: center; -webkit-align-items: center;&#8221;][et_pb_column type=&#8221;4_4&#8243;][et_pb_text admin_label=&#8221;copyright&#8221; _builder_version=&#8221;3.18.9&#8243; text_line_height=&#8221;2em&#8221;]<\/p>\n<p>\u00a9 2018, It\u2019sSeg Seguros Inteligentes.<\/p>\n<p>[\/et_pb_text][\/et_pb_column][\/et_pb_row][et_pb_row custom_padding=&#8221;0px||40px|&#8221; disabled_on=&#8221;|on|on&#8221; _builder_version=&#8221;3.0.93&#8243; custom_css_main_element=&#8221;display: flex; display: -webkit-flex; align-items: center; -webkit-align-items: center;&#8221;][et_pb_column type=&#8221;4_4&#8243;][et_pb_text admin_label=&#8221;copyright&#8221; _builder_version=&#8221;3.0.93&#8243; text_line_height=&#8221;2em&#8221; text_orientation=&#8221;center&#8221;]<\/p>\n<p>\n\u00a9 2018, It\u2019sSeg Seguros Inteligentes.<\/p>\n<p>[\/et_pb_text][\/et_pb_column][\/et_pb_row][\/et_pb_section]<\/p>\n","protected":false},"excerpt":{"rendered":"<p>[et_pb_section bb_built=&#8221;1&#8243; module_id=&#8221;pinel&#8221; _builder_version=&#8221;3.18.9&#8243; background_color=&#8221;rgba(0,0,0,0.2)&#8221; background_image=&#8221;https:\/\/portalturbinar.com.br\/especial\/verao\/wp-content\/uploads\/verao-abertura.jpg&#8221; background_position=&#8221;bottom_center&#8221; background_blend=&#8221;multiply&#8221; custom_margin=&#8221;||-1px|&#8221; custom_padding=&#8221;0px||0px|&#8221; next_background_color=&#8221;#ffffff&#8221;][et_pb_row use_custom_width=&#8221;on&#8221; custom_width_px=&#8221;810px&#8221; custom_padding=&#8221;42.5vh||22vh|&#8221; disabled_on=&#8221;on||&#8221; _builder_version=&#8221;3.15&#8243;][et_pb_column type=&#8221;4_4&#8243;][et_pb_text admin_label=&#8221;lugar ao sol&#8221; _builder_version=&#8221;3.18.9&#8243; text_font_size=&#8221;120px&#8221; text_font_size_tablet=&#8221;70px&#8221; text_font_size_phone=&#8221;30px&#8221; text_font_size_last_edited=&#8221;on|desktop&#8221; text_line_height=&#8221;1.2em&#8221; background_layout=&#8221;dark&#8221; max_width=&#8221;99%&#8221; module_alignment=&#8221;left&#8221; custom_margin=&#8221;||0px|&#8221; custom_padding=&#8221;||24vh|&#8221; custom_css_main_element=&#8221;font-size: 130px;&#8221;] LUGAR AO &nbsp;SOL&nbsp; [\/et_pb_text][et_pb_text admin_label=&#8221;texto&#8221; _builder_version=&#8221;3.18.9&#8243; text_font=&#8221;||||on||||&#8221; text_font_size=&#8221;37px&#8221; text_font_size_tablet=&#8221;27px&#8221; text_font_size_phone=&#8221;20px&#8221; text_font_size_last_edited=&#8221;on|tablet&#8221; text_line_height=&#8221;1.2em&#8221; text_orientation=&#8221;right&#8221; background_layout=&#8221;dark&#8221; max_width=&#8221;670px&#8221; module_alignment=&#8221;right&#8221;] Com a crian\u00e7ada de f\u00e9rias e [&hellip;]<\/p>\n","protected":false},"author":1,"featured_media":0,"parent":0,"menu_order":0,"comment_status":"closed","ping_status":"open","template":"","meta":{"_et_pb_use_builder":"on","_et_pb_old_content":"<!-- wp:paragraph -->\r\n<p>Esta \u00e9 uma p\u00e1gina de exemplo. \u00c9 diferente de um post no blog porque ela permanecer\u00e1 em um lugar e aparecer\u00e1 na navega\u00e7\u00e3o do seu site na maioria dos temas. Muitas pessoas come\u00e7am com uma p\u00e1gina que as apresenta a poss\u00edveis visitantes do site. Ela pode dizer algo assim:<\/p>\r\n<!-- \/wp:paragraph -->\r\n\r\n<!-- wp:quote -->\r\n<blockquote class=\"wp-block-quote\"><p>Ol\u00e1! Eu sou um mensageiro de bicicleta durante o dia, ator aspirante \u00e0 noite, e este \u00e9 o meu site. Eu moro em S\u00e3o Paulo, tenho um grande cachorro chamado Rex e gosto de tomar caipirinha (e banhos de chuva).<\/p><\/blockquote>\r\n<!-- \/wp:quote -->\r\n\r\n<!-- wp:paragraph -->\r\n<p>...ou alguma coisa assim:<\/p>\r\n<!-- \/wp:paragraph -->\r\n\r\n<!-- wp:quote -->\r\n<blockquote class=\"wp-block-quote\"><p>A Companhia de Miniaturas XYZ foi fundada em 1971, e desde ent\u00e3o tem fornecido miniaturas de qualidade ao p\u00fablico. Localizada na cidade de Itu, a XYZ emprega mais de 2.000 pessoas e faz coisas grandiosas para a comunidade da cidade.<\/p><\/blockquote>\r\n<!-- \/wp:quote -->\r\n\r\n<!-- wp:paragraph -->\r\n<p>Como um novo usu\u00e1rio do WordPress, voc\u00ea deveria ir ao <a href=\"https:\/\/portalturbinar.com.br\/especial\/verao\/wp-admin\/\">painel<\/a> para excluir essa p\u00e1gina e criar novas p\u00e1ginas para o seu conte\u00fado. Divirta-se!<\/p>\r\n<!-- \/wp:paragraph -->"},"_links":{"self":[{"href":"https:\/\/portalturbinar.com.br\/especial\/verao\/wp-json\/wp\/v2\/pages\/2"}],"collection":[{"href":"https:\/\/portalturbinar.com.br\/especial\/verao\/wp-json\/wp\/v2\/pages"}],"about":[{"href":"https:\/\/portalturbinar.com.br\/especial\/verao\/wp-json\/wp\/v2\/types\/page"}],"author":[{"embeddable":true,"href":"https:\/\/portalturbinar.com.br\/especial\/verao\/wp-json\/wp\/v2\/users\/1"}],"replies":[{"embeddable":true,"href":"https:\/\/portalturbinar.com.br\/especial\/verao\/wp-json\/wp\/v2\/comments?post=2"}],"version-history":[{"count":33,"href":"https:\/\/portalturbinar.com.br\/especial\/verao\/wp-json\/wp\/v2\/pages\/2\/revisions"}],"predecessor-version":[{"id":124,"href":"https:\/\/portalturbinar.com.br\/especial\/verao\/wp-json\/wp\/v2\/pages\/2\/revisions\/124"}],"wp:attachment":[{"href":"https:\/\/portalturbinar.com.br\/especial\/verao\/wp-json\/wp\/v2\/media?parent=2"}],"curies":[{"name":"wp","href":"https:\/\/api.w.org\/{rel}","templated":true}]}}